{"id":64,"date":"2020-08-07T12:28:58","date_gmt":"2020-08-07T10:28:58","guid":{"rendered":"http:\/\/www.neupols.org\/wp\/?page_id=64"},"modified":"2025-10-02T21:47:36","modified_gmt":"2025-10-02T19:47:36","slug":"pla-social","status":"publish","type":"page","link":"http:\/\/www.neupols.org\/wp\/?page_id=64","title":{"rendered":"ITINERARI"},"content":{"rendered":"\n<p>Aquest \u00e9s l&#8217;itinerari orientatiu:<\/p>\n\n\n\n<figure class=\"wp-block-image size-large\"><img decoding=\"async\" loading=\"lazy\" width=\"1024\" height=\"406\" src=\"http:\/\/www.neupols.org\/wp\/wp-content\/uploads\/2024\/09\/itinerari-1024x406.png\" alt=\"\" class=\"wp-image-464\" srcset=\"http:\/\/www.neupols.org\/wp\/wp-content\/uploads\/2024\/09\/itinerari-1024x406.png 1024w, http:\/\/www.neupols.org\/wp\/wp-content\/uploads\/2024\/09\/itinerari-300x119.png 300w, http:\/\/www.neupols.org\/wp\/wp-content\/uploads\/2024\/09\/itinerari-768x304.png 768w, http:\/\/www.neupols.org\/wp\/wp-content\/uploads\/2024\/09\/itinerari.png 1280w\" sizes=\"(max-width: 1024px) 100vw, 1024px\" \/><\/figure>\n\n\n\n<p class=\"has-black-color has-text-color\"><strong>LLOC<\/strong>: Alpe d&#8217;Huez<\/p>\n\n\n\n<p class=\"has-black-color has-text-color\"><strong>HORARIS<\/strong>: <\/p>\n\n\n\n<p class=\"has-black-color has-text-color\"><strong>Sortida:  divendres 5\/12<\/strong> a les <strong><span style=\"text-decoration: underline;\">19h<\/span><\/strong> des del <strong>p\u00e0rquing de la Vila<\/strong> (demanem m\u00e0xima puntualitat!).  <\/p>\n\n\n\n<p class=\"has-black-color has-text-color\"><strong>Tornada:<\/strong><strong> dimarts 9\/12<\/strong> al mat\u00ed (sortida de l&#8217;estaci\u00f3). El lloc d\u2019arribada \u00e9s el mateix p\u00e0rquing, i en funci\u00f3 de les necessitats, al centre de Barcelona. <\/p>\n\n\n\n<p><mark style=\"background-color:rgba(0, 0, 0, 0)\" class=\"has-inline-color has-white-color\">&#8230;<\/mark><\/p>\n\n\n\n<p><\/p>\n","protected":false},"excerpt":{"rendered":"<p>Aquest \u00e9s l&#8217;itinerari orientatiu: LLOC: Alpe d&#8217;Huez HORARIS: Sortida: divendres 5\/12 a les 19h des del p\u00e0rquing de la Vila (demanem m\u00e0xima puntualitat!). Tornada: dimarts 9\/12 al mat\u00ed (sortida de l&#8217;estaci\u00f3). El lloc d\u2019arribada \u00e9s el mateix p\u00e0rquing, i en funci\u00f3 de les necessitats, al centre de Barcelona. &#8230;<\/p>\n","protected":false},"author":1,"featured_media":78,"parent":0,"menu_order":0,"comment_status":"closed","ping_status":"closed","template":"","meta":[],"_links":{"self":[{"href":"http:\/\/www.neupols.org\/wp\/index.php?rest_route=\/wp\/v2\/pages\/64"}],"collection":[{"href":"http:\/\/www.neupols.org\/wp\/index.php?rest_route=\/wp\/v2\/pages"}],"about":[{"href":"http:\/\/www.neupols.org\/wp\/index.php?rest_route=\/wp\/v2\/types\/page"}],"author":[{"embeddable":true,"href":"http:\/\/www.neupols.org\/wp\/index.php?rest_route=\/wp\/v2\/users\/1"}],"replies":[{"embeddable":true,"href":"http:\/\/www.neupols.org\/wp\/index.php?rest_route=%2Fwp%2Fv2%2Fcomments&post=64"}],"version-history":[{"count":21,"href":"http:\/\/www.neupols.org\/wp\/index.php?rest_route=\/wp\/v2\/pages\/64\/revisions"}],"predecessor-version":[{"id":513,"href":"http:\/\/www.neupols.org\/wp\/index.php?rest_route=\/wp\/v2\/pages\/64\/revisions\/513"}],"wp:featuredmedia":[{"embeddable":true,"href":"http:\/\/www.neupols.org\/wp\/index.php?rest_route=\/wp\/v2\/media\/78"}],"wp:attachment":[{"href":"http:\/\/www.neupols.org\/wp\/index.php?rest_route=%2Fwp%2Fv2%2Fmedia&parent=64"}],"curies":[{"name":"wp","href":"https:\/\/api.w.org\/{rel}","templated":true}]}}